{"id":27,"date":"2015-12-04T13:32:48","date_gmt":"2015-12-04T12:32:48","guid":{"rendered":"http:\/\/test.kontor.consulting\/ini-hl-land\/?page_id=27"},"modified":"2022-11-01T07:49:56","modified_gmt":"2022-11-01T06:49:56","slug":"termine","status":"publish","type":"page","link":"https:\/\/ini-hl-land.de\/?page_id=27","title":{"rendered":"Termine"},"content":{"rendered":"\n<p><\/p>\n\n\n\n<p class=\"has-medium-font-size\"><a href=\"https:\/\/ini-hl-land.de\/wp-content\/uploads\/Flyer_Veranstaltungen_2-2022.pdf\" target=\"_blank\" rel=\"noreferrer noopener\">aktueller Flyer der Veranstaltungen<\/a><\/p>\n\n\n<p>\u00a0<\/p>\n<p>25.11.2022, 18:00 Uhr, Aufstellen des Weihnachtsbaumes, Kapelle Kronsforde<\/p>\n<p>08.11.2022, 16:00 Uhr, Kr\u00e4uter im Herbst, Dorfplatz Kronsforde<\/p>\n<p>_________________________________<\/p>\n<p><strong>abgelaufene Termine:<\/strong><\/p>\n<p>25.10.2022,19:30 Uhr, Vortrag zur Arch\u00e4ologie, Kapelle Kronsforde<\/p>\n<p>21.08.2022 7. Kultursommertag am Kanal, Festplatz am Kanal in Kronsforde<\/p>\n<p>24.06.2022, 19:30 Uhr, Mitgliederversammlung, Kapelle Kronsforde<\/p>\n<p>13.05.2022, 19:30 Uhr, Vorbereitungstreffen zum 7. Kultursommertag<\/p>\n<p>26.11.2021, 18:00 Uhr, Aufstellen des Weihnachtsbaumes, Kapelle Kronsforde<\/p>\n<p><del>26.11.2021, 19:30 Uhr, Mitgliederversammlung, Kapelle Kronsforde<\/del> Auf Grund Corona ausgefallen!<\/p>\n<p>22.10.2021, 19:30 Uhr, Vorstandssitzung<\/p>\n<p>30.08.2020, 14:30 Uhr, 6. Kultursommertag am Kanal, Festplatz am Kanal in Kronsforde<\/p>\n<p>18.08.2019, 12:30 Uhr, 5. Kultursommertag am Kanal, Festplatz am Kanal in Kronsforde<\/p>\n<p>09.08.2019, 19:00 Uhr, Vorbereitungstreffen zum 5. Kultursommertag,\u00a0Festplatz am Kanal in Kronsforde<\/p>\n<p>07.12.2018, 18:00 Uhr, Adventssingen, Kapelle Kronsforde<\/p>\n<p>23.11.2018, 19:30 Uhr, Einwohnergespr\u00e4ch und Mitgliederversammlung, Kapelle Kronsforde<\/p>\n<p>20.11.2018, 19:30 Uhr, &#8222;Regiobranding&#8220;, Gro\u00dfer Saal in der Gemeinn\u00fctzigen, L\u00fcbeck, K\u00f6nigstra\u00dfe 5<\/p>\n<p>16.11.2018, 19:30 Uhr, IX. Whiskyseminar mit Veit Morgenroth<\/p>\n<p>02.11.2018, 14:00 Uhr, &#8222;Erweiterung des Skulpturenpfads&#8220;, Kronsforde, Altenfeld<\/p>\n<p>01.07.2018, 11:00 Uhr &#8211; 19:00 Uhr, &#8222;Sommerateliers 2018&#8220;, Saalgalerie Rainer Wiedemann, Kronsorde, Kronsforder Hauptstra\u00dfe 59a<\/p>\n<p>30.06.2018, 11:00 Uhr &#8211; 19:00 Uhr, &#8222;Sommerateliers 2018&#8220;, Saalgalerie Rainer Wiedemann, Kronsorde, Kronsforder Hauptstra\u00dfe 59a<\/p>\n<p>14.04.2017, 19:30 Uhr, VIII. Whiskyseminar mit Veit Morgenroth<\/p>\n<p>08.12.2017, 16:00 Uhr, &#8222;Weihnachtsb\u00e4ckerei: Gesunde Kekse&#8220;, Hella Stolzenberg, Kronsforde, Altenfeld 23<\/p>\n<p>01.12.2017, 18:00 Uhr, Tannenbaum-Aufstellen, FF Kronsforde, Kapelle Kronsforde<\/p>\n<p>25.11.2017, 10:30 Uhr, &#8222;Wir knicken einen Knick &#8211; wie damals&#8220;, Dr. J\u00fcrgen Golz, Kronsforde, Altenfeld 23<\/p>\n<p>24.11.2017, 19:30 Uhr, VII. Whiskyseminar mit Veit Morgenroth (bereits ausgebucht, bei weiterem Interesse bitte melden)<\/p>\n<p>24.11.2017, 17:00 Uhr, Ausstellung und Preisverleihung des Fotowettbewerbs &#8222;Essen und Trinken in L\u00fcbecks S\u00fcden&#8220;,\u00a0Saalgalerie Rainer Wiedemann, Kronsforder Hauptstra\u00dfe 59a<\/p>\n<p>15.11.2017, 19:00 Uhr, &#8222;Beratungsversammlung&#8220;, Die Gemeinn\u00fctzige, Titus Jochen Heldt, Gro\u00dfer Saal in der Gemeinn\u00fctzigen, L\u00fcbeck, K\u00f6nigstra\u00dfe 5<\/p>\n<p>14.11.2017,\u00a0xx:xx Uhr, &#8222;Diskurs zur Stadtteilarbeit&#8220;,\u00a0Achtung: Termin f\u00e4llt aus!<\/p>\n<p>27.10.2017, 19:00 Uhr, Mitgliederversammlung mit Wahl des Vorstandes, Kapelle Kronsforde<\/p>\n<p>21.10.2017, 15:00 Uhr, &#8222;Skulpturenpark: Schildkr\u00f6te, Hans K\u00fctemeier&#8220;, Installation mit Rainer Wiedemann, Oberb\u00fcssau: Treidelpfad<\/p>\n<p>14.10.2017, 14:00 Uhr, &#8222;Skulpturenpark: Trash Topia Bake&#8220;, Installation mit Gitesh, Genin: Stecknitzstra\u00dfe, Treidelpfad<\/p>\n<p>14.10.2017, 12:00 Uhr, &#8222;Skulpturenpark: Trash Topia Bake&#8220;, Genin: Kirche<\/p>\n<p>01.10.2017, ab 11 Uhr, &#8222;Apfeltag&#8220;, Hanse-Obst e.V., Domhof, Innenstadt<\/p>\n<p>12.09.2017, 19:30 Uhr, &#8222;Was wird aus dem Elbe-L\u00fcbeck-Kanal&#8220;, Gespr\u00e4ch mit Experten und der Politik, Dr. Hans Kl\u00f6ser, BUND, Kapelle Kronsforde<\/p>\n<p>10.09.2017, 12:30 Uhr, 3. Kultursommertag am Kanal, Festplatz am Kanal in Kronsforde<\/p>\n<p>11.08.2017, 19:45 Uhr, Treffen der Arbeitsgruppe Verkehr, Kapelle Kronsforde<\/p>\n<p>22. 07.2017, 20:00 Uhr, Soccer-Party mit Preisverleihung, Sportplatz Krummesser Landstra\u00dfe<\/p>\n<p>22. 07.2017, 17:30 Uhr, Finale, Sportplatz Krummesser Landstra\u00dfe<\/p>\n<p>22. 07.2017, 13:00 Uhr, Platzierungsspiele, Sportplatz Krummesser Landstra\u00dfe<\/p>\n<p>21.07.2017, 19:30 Uhr, Vorbereitungstreffen Kultursommertag, Festplatz am Kanal<\/p>\n<p>17. 07.2017 &#8211; 21.07.2017, jeweils 19:00 Uhr, Vorrundenspiele, Sportplatz Krummesser Landstra\u00dfe<\/p>\n<p>16. 07.2017, 15:00 Uhr, Er\u00f6ffnungsspiele, Sportplatz Krummesser Landstra\u00dfe<\/p>\n<p>16. 07.2017, 14:00 Uhr, Er\u00f6ffnung der Sportwoche, Sportplatz Krummesser Landstra\u00dfe<\/p>\n<p>15.07.2017, ab 14:30 Uhr, Tag der offenen T\u00fcr bei der Freiwilligen Feuerwehr Kronsforde, Kapelle &amp; Ger\u00e4tehaus Kronsforde<\/p>\n<p>18.06.2017, 11:00 Uhr, &#8222;Markt der Vielfalt&#8220;, in Kooperation mit den Aktionstagen Artenvielfalt, Domhof Innenstadt<\/p>\n<p>17.06.2017, 10:30 Uhr, &#8222;\u00d6kologische Funktion unserer Knicks&#8220;, J\u00fcrgen Golz, Kronsforder Hauptstra\u00dfe 80<\/p>\n<p>11.06.2017, 11:00 Uhr, &#8222;Gute Qualit\u00e4t muss wachsen &#8211; Landleben in Schleswig-Holstein damals und heute&#8220;, Ausstellungser\u00f6ffnung mit Buchvorstellung , Saalgalerie Rainer Wiedemann, Kronsforder Hauptstra\u00dfe 59a<\/p>\n<p>19.05.2017, 17:00 Uhr, Wildkr\u00e4uter f\u00fcr die regionale K\u00fcche, Altenfeld 23, Monika M\u00f6ller<\/p>\n<p>21.04.2017, 19.30 Uhr, VI. Whiskyseminar mit Veit Morgenroth (bitte anmelden)<\/p>\n<p>06.04.2017, 19 Uhr, Infoveranstaltung zur Pflegeversicherung mit Ole Bohndorf, Kapelle Kronsforde<\/p>\n<p>05.04.2017, 18:00 Uhr, Infoveranstaltung zum Neubau Kanalbr\u00fccke B\u00fcssau, Wasserstra\u00dfen Neubauamt, Sportlerheim Kronsforder SV, Krummesser Landstra\u00dfe 4<\/p>\n<p>01.04.2017, 08:00 Uhr, Erste Hilfe Kurs, Ger\u00e4tehaus FF Kronsforde, Anmeldung erforderlich, begrenzte Teilnehmerzahl<\/p>\n<p>31.03.2017, 16:30 Uhr, Besichtigung des technischen Denkmals, Detlev Holst, Kanalbr\u00fccke B\u00fcssau<\/p>\n<p>28.03.2017, 19:30 Uhr, Mitgliederversammlung, Kapelle Kronsforde<\/p>\n<p>25.03.2017, 09:00 Uhr, &#8222;Sauberes Kronsforde &#8211; M\u00fcllsammel-Aktion&#8220;, Ger\u00e4tehaus FF Kronsforde<\/p>\n<p>24.03.2017, 15:00 Uhr, Wald und Heide im Vorfr\u00fchling, Gro\u00df Schenkenberg, Parkplatz Bliestorfer Weg<\/p>\n<p>02.03.2017, 17:00 Uhr, Ver\u00e4nderungen in der Pflegeversicherung, Kapelle Kronsforde, Ole Bohndorf<\/p>\n<p>17.02.2017, 19.30 Uhr, Vorstandssitzung\u00a0bei Detlev Stolzenberg<\/p>\n<p>10.02. 2017, 17:00 Uhr, Beginn Afrikanischer Trommelkurs, Kapelle Kronsforde<\/p>\n<p>10.12.2016, 09:30 Uhr, &#8222;Wir setzen\u00a0Blumenzwiebeln&#8220;, Container-Platz, Kronsforder Hauptstra\u00dfe<\/p>\n<p>09.12.2016, 18:00 Uhr, Afrikanischer Trommelkurs mit Bacar Gadji, Kapelle Kronsforde<\/p>\n<p>02.12.2016, 18:00 Uhr, &#8222;Lebendiger Adventskalender&#8220;, Kapelle Kronsforde<\/p>\n<p>19.11.2016, 11:00 Uhr, &#8222;Wir pflanzen Winterlinden&#8220;, Gutsweg, Vogelsang<\/p>\n<p>11.11.2016, 19:30 Uhr, 5. Whisky-Seminar mit Veit Morgenroth, Anmeldung erforderlich, nur f\u00fcr Mitglieder<\/p>\n<p>11.11.2016, 17:00 Uhr, Fotoausstellung WahrZeichen in L\u00fcbecks S\u00fcden, Saalgalerie, Kronsforder Hauptstra\u00dfe 59a<\/p>\n<p>28.10.2016, 18:00 Uhr, 2. Schnupperkurs &#8222;Afrikanischer Trommelkurs&#8220;, Bacar Gadji, Kapelle Kronsforde<\/p>\n<p>28.10.2016, 14:30 Uhr, &#8222;Alte B\u00e4ume am Trave-Tal&#8220;, Veranstaltung BUND, Reinhard Degener, Niendorf &#8222;Im Block&#8220;<\/p>\n<p>14.10.2016, 18:00 Uhr, 1. Schnupperkurs &#8222;Afrikanischer Trommelkurs&#8220;, Bacar Gadji, Kapelle Kronsforde<\/p>\n<p>07.10.2016, 19:30 Uhr, Vorstandssitzung bei\u00a0Sigrid Jedamzik<\/p>\n<p>11.09.2016, 13:00 Uhr bis 17:30 Uhr, 2. KultursommerTag am Kanal auf dem WSA-Betriebsplatz\u00a0in Kronsforde<\/p>\n<p>27.08.2016 , 10:30 Uhr, &#8222;Exkursion &#8211;\u00a0Streuobstwiese Krummesser Baum&#8220;, Hanse Obst, Heinz Egleder, Kronsforder Landstra\u00dfe 333<\/p>\n<p>20.-21.08.2016, 11:00 Uhr bis 19:00 Uhr, &#8222;Sommerateliers 2016, Ausstellung \/ Tag des offenen Ateliers, Saalgalerie Rainer Wiedemann, Kronsforder Hauptstra\u00dfe 59 A<\/p>\n<p>22.07.2016, 19:30 Uhr, Vorbereitungstreffen f\u00fcr den 2. Kultursommertag, Kanalbr\u00fccke Kronsforde \/ Betriebsplatz des WSA<\/p>\n<p>16.07.2016, 15:00 Uhr, &#8222;Tag der offenen T\u00fcr &#8211; FF Kronsforde&#8220;, Ger\u00e4tehaus FF Kronsforde<\/p>\n<p>09.07.2016, 10:30 Uhr, &#8222;Auf Tour f\u00fcr mehr Verkehrssicherheit&#8220;, Exkursion mit Picknick, Start an der Kapelle Kronsforde<\/p>\n<p>08.07.2016, 19:30 Uhr, Vorstandssitzung bei Rainer Wiedemann<\/p>\n<p>17.06.2016, 16:00 Uhr, &#8222;Was w\u00e4chst und lebt in unseren Knicks&#8220;, Veranstaltung BUND HL, Reinhard Degener, Ringstedtenhof, Vorrader Stra\u00dfe 81<\/p>\n<p>10.-12.06.2016, Aktionstage &#8222;Artenvielfalt&#8220;<\/p>\n<p>12.06.2016, 11 bis 17 Uhr, &#8222;Markt der Vielfalt&#8220; in Kooperation mit den Aktionstagen Artenvielfalt, Domhof L\u00fcbeck<\/p>\n<p>10.06.2016, 20:30 Uhr, &#8222;Fledermauspirsch in L\u00fcbecks S\u00fcden&#8220;, Nabu SH, Ulrich Lensinger, Kapelle Kronsforde<\/p>\n<p>25.05.2016, 16:00 Uhr, Exkursion &#8222;Sanierung der Deponie\u00a0Niemark&#8220;, Entsorgungsbetriebe L\u00fcbeck, J\u00fcrgen Adler, Treffpunkt am Eingangsbereich der Deponie<\/p>\n<p>03.05.2016, 19:30 Uhr,\u00a02. Infoveranstaltung zum Br\u00fcckenneubau in B\u00fcssau, Sportlerheim Kronsforder SV, Krummesser Landstra\u00dfe 4<\/p>\n<p>30.04.2016, 10:00 Uhr, &#8222;Bienenfreundliche G\u00e4rten und Pl\u00e4tze&#8220;, Spaziergang, Start an der Kapelle in Kronsforde<\/p>\n<p>29.04.2016, 19:30 Uhr, Vorstandssitzung bei\u00a0Veit Morgenroth<\/p>\n<p>22.04.2016, 16:00 Uhr, &#8222;Fr\u00fchbl\u00fcher im Laubwald&#8220;, Veranstaltung BUND HL, Reinhard Degener, Forsthaus am Kannenbruch<\/p>\n<p>19.03.2016, 09:00 Uhr, &#8222;Wir sammeln M\u00fcll&#8220;, FF Kronsforde, Treffpunkt am Ger\u00e4tehaus der FF Kronsforde<\/p>\n<p>18.03.2016, 19:30 Uhr, 4. Whisky-Seminar mit Veit Morgenroth, Anmeldung erforderlich<\/p>\n<p>15.03.2016, 19:00 Uhr, Mitgliederversammlung, Kapelle Kronsforde<\/p>\n<p>23.02.2016, 19:00 Uhr, Einwohnergespr\u00e4ch: &#8222;Naturschutz f\u00e4ngt im Garten an \/ G\u00e4rtnern ohne Gift&#8220;, Kapelle Kronsforde<\/p>\n<p>23.02.2016, 17:30 Uhr, Treffen der Arbeitsgruppe &#8222;Verkehr&#8220;, Kapelle Kronsforde<\/p>\n<p>12.02.2016, 18:30 Uhr Einla\u00df (19:00 Uhr Beginn), Filmvorf\u00fchrung zum SoulSculpturing, Kapelle Kronsforde<\/p>\n<p>29.01.2016, 19.30 Uhr, Vorstandstreffen bei Detlev Stolzenberg<\/p>\n<p>27.01.2016, 19 Uhr, Infoveranstaltung zum Br\u00fcckenneubau in B\u00fcssau, Sportlerheim Kronsforder SV, Krummesser Landstra\u00dfe 4<\/p>\n<p>04.12.2015, 18 Uhr, Adventssingen vor der Kapelle in Kronsforde<\/p>\n<p>22.11.2015, 11.30 Uhr, Fl\u00fcchtlinge im Gespr\u00e4ch, Kapelle in Kronsforde<\/p>\n<p>15.11.2015, 16 Uhr, europe in\u00a0(e)motion, SoulSculpturing mit Bernd Ahrens, Kapelle Kronsforde<\/p>\n<p>15.11.2015, 11 Uhr, Vernissage in der Saalgalerie von Rainer Wiedemann, Kronsforde, zur Ausstellung \u201eFrieden im Land, 70 Jahre nach 45\u201c<\/p>\n<p>30.10.2015, 19.30 Uhr, Vorstandstreffen bei Detlev Stolzenberg<\/p>\n<p>16.10.2015, 19.30 Uhr, Whisky-Seminar mit Veit Morgenroth<\/p>\n<p>16.10.2015, 17 Uhr, Ausstellungser\u00f6ffnung \u201eMenschenBilder in L\u00fcbecks S\u00fcden\u201c, Saalgalerie Rainer Wiedemann<\/p>\n<p>24.09.2015, 19 Uhr, Einwohnergespr\u00e4ch und Mitgliederversammlung, Kapelle Kronsforde<\/p>\n<p>13.09.2015, Tag des offenen Denkmals, Elbe-L\u00fcbeck-Kanal, Schleuse B\u00fcssau<\/p>\n<p>04.09.2015, Vorstandstreffen bei Detlev Stolzenberg<\/p>\n<p>30.08.2015, 11 Uhr, OpenAir Gottesdienst, Festwiese bei K\u00f6nig in Kronsforde<\/p>\n<p>29.08.2015, 14 Uhr, Kultursommertag am Kanal, Festwiese bei K\u00f6nig in Kronsforde<\/p>\n<p>25.08.2015, 19 Uhr, Vorbereitungstreffen der Aktiven, die am Kultursommertag mitwirken, Kanalklause K\u00f6nig<\/p>\n<p>06.08.2015, 19 Uhr, Vorbereitungstreffen der Aktiven, die am Kultursommertag mitwirken, Kanalklause K\u00f6nig<\/p>\n<p>14.07.2015, 19 Uhr, Einwohnergespr\u00e4ch, Kapelle Kronsforde<\/p>\n<p>03.07.2015, 19 Uhr, Vorbereitungstreffen der Aktiven, die am Kultursommertag mitwirken, Kanalklause K\u00f6nig<\/p>\n<p>19.06.2015, 19.30 Uhr, Vorstandstreffen bei Veit Morgenroth<\/p>\n<p>Wochenende 06.\/07. Juni 2015 in der Zeit von 12 \u2013 18 Uhr, Kunst erleben, wo sie entsteht, Saalgalerie bei Rainer Wiedemann, Kronsforder Hauptstra\u00dfe 59a<\/p>\n<p>24.04.2015, 19.30 Uhr, Vorstandstreffen bei Rainer Wiedemann<\/p>\n<p>24.04.2015, 15 Uhr, Fahrradtour mit dem Fahrradbeauftragten der Hansestadt L\u00fcbeck, Kanalklause in Kronsforde<\/p>\n<p>27.02.2015, 19.30 Uhr, Whisky-Seminar mit Veit Morgenroth, Anmeldung erforderlich<\/p>\n<p>26.02.2015, 19 Uhr, Mitgliederversammlung und Gastvortrag von Flughafenchef Matthie\u00dfen, in der Kapelle Kronsforde<\/p>\n<p>30.01.2015, 19.30 Uhr, Vorstandstreffen bei Detlev Stolzenberg<\/p>\n<p>20.01.2015, 18 Uhr, Treffen in der Kapelle Kronsforde in Sachen Schmutzwasserbeseitigung<\/p>\n<p>09.01.2015, 15 Uhr, Kanalbr\u00fccke Kronsforde, Installation der Geschwindigkeitsanzeigetafel<\/p>\n<p>13.12.2014, 9 Uhr, Naturnahe Waldbewirtschaftung im Kannenbruch, F\u00fchrung mit Knut Storm, Forstamt im Kannenbruch, Kronsforder Hauptstra\u00dfe<\/p>\n<p>02.12.2014, 19.30 Uhr Einwohnergespr\u00e4ch in der Kapelle Kronsforde<\/p>\n<p>02.12.2014, 18 Uhr Lebendiger Advendskalender an der Kapelle in Kronsforde<\/p>\n<p>21.11.2014, 19.30 Vorstandstreffen bei Sigrid Jedamzik<\/p>\n<p>12.11.2014, 18 Uhr Treffen in der Kapelle Kronsforde in Sachen Schmutzwasserbeseitigung<\/p>\n<p>12.11.2014, 14 Uhr Pflanzaktion auf dem Dorfanger in Kronsforde<\/p>\n<p>24.10.2014\u00a0 17 Uhr Ausstellungser\u00f6ffnung bei \u201aRainer Wiedemann<\/p>\n<p>24.10.2014\u00a0 Whisky-Seminar mit Veit Morgenroth<\/p>\n<p>02.10.2014, 18 Uhr\u00a0 Sitzung des Arbeitskreises Verkehr \/ Dorfanger, Kapelle Kronsforde<\/p>\n<p>30.09.2014, 14 Uhr, Abstimmung Dorfplatzgestaltung, Stadtverwaltung Herr Schott<\/p>\n<p>17.09.2014, 18 Uhr, Kinder- und Jugendbeteiligung Dorfplatz, Kapelle Kronsforde<\/p>\n<p>10.07.2014, 19 Uhr, Einwohnergespr\u00e4ch in der Kapelle Kronsforde<\/p>\n<p>27.06.2014, 19.30 Uhr, Vorstandstreffen bei Detlev Stolzenberg<\/p>\n<p>10.05.2014, 10 Uhr, Naturkundliche F\u00fchrung mit Thomas B\u00f6hm, Altenfeld Kronsforde<\/p>\n<p>08.05.2014 19.00 Uhr, Informationen zur Pflege mit Ole Bohndorf, Kapelle Kronsforde<\/p>\n<p>28.03.2014, 19.30 Uhr, Vorstandstreffen bei Veit Morgenroth<\/p>\n<p>27.02.2014, 19 Uhr, Einwohnergespr\u00e4ch in der Kapelle Kronsforde<\/p>\n<p>18.02.2014, 18.30 Uhr Information Kanalisation, Sportlerheim Kronsforder SV<\/p>\n<p>25.11.2013, 14 Uhr, Pressetermin, Containerplatz Kronsforde<\/p>\n<p>19.11.2013, 19.00 Uhr, Sitzung des Arbeitskreises Verkehr bei Detlev Stolzenberg<\/p>\n<p>31.10.2013, 19 Uhr, Mitgliederversammlung, Kapelle Kronsforde<\/p>\n<p>14.10.2013, 19.30 Uhr, Vorstandstreffen bei Rainer Wiedemann<\/p>\n<p>02.10.2013, 14 Uhr, Ortsbegehung mit dem Stadtbildpfleger, Containerplatz Kronsforde<\/p>\n<p>26.09.2013, 19 Uhr, Einwohnergespr\u00e4ch in der Kapelle Kronsforde<\/p>\n<p>08.08.2013, 19 Uhr, Gr\u00fcndungsversammlung in der Kapelle Kronsforde<\/p>\n<p>23.05.2013, 19 Uhr, Einwohnergespr\u00e4ch in der Kapelle Kronsforde<\/p>\n<p>17.04.2013, 19 Uhr, Einwohnergespr\u00e4ch in der Kapelle Kronsforde<\/p>\n<p>20.03.2013, 19 Uhr, Einwohnergespr\u00e4ch in der Kapelle Kronsforde<\/p>\n<p>21.02.2013, 19 Uhr, Einwohnergespr\u00e4ch in der Kapelle Kronsforde<\/p>","protected":false},"excerpt":{"rendered":"<p>aktueller Flyer der Veranstaltungen \u00a0 25.11.2022, 18:00 Uhr, Aufstellen des Weihnachtsbaumes, Kapelle Kronsforde 08.11.2022, 16:00 Uhr, Kr\u00e4uter im Herbst, Dorfplatz Kronsforde _________________________________ abgelaufene Termine: 25.10.2022,19:30 Uhr, Vortrag zur Arch\u00e4ologie, Kapelle Kronsforde 21.08.2022 7. Kultursommertag am Kanal, Festplatz am Kanal in Kronsforde 24.06.2022, 19:30 Uhr, Mitgliederversammlung, Kapelle Kronsforde 13.05.2022, 19:30 Uhr, Vorbereitungstreffen zum 7. Kultursommertag 26.11.2021, [&hellip;]<\/p>\n","protected":false},"author":3,"featured_media":0,"parent":0,"menu_order":0,"comment_status":"closed","ping_status":"closed","template":"","meta":{"ocean_post_layout":"","ocean_both_sidebars_style":"","ocean_both_sidebars_content_width":0,"ocean_both_sidebars_sidebars_width":0,"ocean_sidebar":"0","ocean_second_sidebar":"0","ocean_disable_margins":"enable","ocean_add_body_class":"","ocean_shortcode_before_top_bar":"","ocean_shortcode_after_top_bar":"","ocean_shortcode_before_header":"","ocean_shortcode_after_header":"","ocean_has_shortcode":"","ocean_shortcode_after_title":"","ocean_shortcode_before_footer_widgets":"","ocean_shortcode_after_footer_widgets":"","ocean_shortcode_before_footer_bottom":"","ocean_shortcode_after_footer_bottom":"","ocean_display_top_bar":"default","ocean_display_header":"default","ocean_header_style":"","ocean_center_header_left_menu":"0","ocean_custom_header_template":"0","ocean_custom_logo":0,"ocean_custom_retina_logo":0,"ocean_custom_logo_max_width":0,"ocean_custom_logo_tablet_max_width":0,"ocean_custom_logo_mobile_max_width":0,"ocean_custom_logo_max_height":0,"ocean_custom_logo_tablet_max_height":0,"ocean_custom_logo_mobile_max_height":0,"ocean_header_custom_menu":"0","ocean_menu_typo_font_family":"0","ocean_menu_typo_font_subset":"","ocean_menu_typo_font_size":0,"ocean_menu_typo_font_size_tablet":0,"ocean_menu_typo_font_size_mobile":0,"ocean_menu_typo_font_size_unit":"px","ocean_menu_typo_font_weight":"","ocean_menu_typo_font_weight_tablet":"","ocean_menu_typo_font_weight_mobile":"","ocean_menu_typo_transform":"","ocean_menu_typo_transform_tablet":"","ocean_menu_typo_transform_mobile":"","ocean_menu_typo_line_height":0,"ocean_menu_typo_line_height_tablet":0,"ocean_menu_typo_line_height_mobile":0,"ocean_menu_typo_line_height_unit":"","ocean_menu_typo_spacing":0,"ocean_menu_typo_spacing_tablet":0,"ocean_menu_typo_spacing_mobile":0,"ocean_menu_typo_spacing_unit":"","ocean_menu_link_color":"","ocean_menu_link_color_hover":"","ocean_menu_link_color_active":"","ocean_menu_link_background":"","ocean_menu_link_hover_background":"","ocean_menu_link_active_background":"","ocean_menu_social_links_bg":"","ocean_menu_social_hover_links_bg":"","ocean_menu_social_links_color":"","ocean_menu_social_hover_links_color":"","ocean_disable_title":"default","ocean_disable_heading":"default","ocean_post_title":"","ocean_post_subheading":"","ocean_post_title_style":"","ocean_post_title_background_color":"","ocean_post_title_background":0,"ocean_post_title_bg_image_position":"","ocean_post_title_bg_image_attachment":"","ocean_post_title_bg_image_repeat":"","ocean_post_title_bg_image_size":"","ocean_post_title_height":0,"ocean_post_title_bg_overlay":0.5,"ocean_post_title_bg_overlay_color":"","ocean_disable_breadcrumbs":"default","ocean_breadcrumbs_color":"","ocean_breadcrumbs_separator_color":"","ocean_breadcrumbs_links_color":"","ocean_breadcrumbs_links_hover_color":"","ocean_display_footer_widgets":"default","ocean_display_footer_bottom":"default","ocean_custom_footer_template":"0","footnotes":""},"class_list":["post-27","page","type-page","status-publish","hentry","entry"],"_links":{"self":[{"href":"https:\/\/ini-hl-land.de\/index.php?rest_route=\/wp\/v2\/pages\/27","targetHints":{"allow":["GET"]}}],"collection":[{"href":"https:\/\/ini-hl-land.de\/index.php?rest_route=\/wp\/v2\/pages"}],"about":[{"href":"https:\/\/ini-hl-land.de\/index.php?rest_route=\/wp\/v2\/types\/page"}],"author":[{"embeddable":true,"href":"https:\/\/ini-hl-land.de\/index.php?rest_route=\/wp\/v2\/users\/3"}],"replies":[{"embeddable":true,"href":"https:\/\/ini-hl-land.de\/index.php?rest_route=%2Fwp%2Fv2%2Fcomments&post=27"}],"version-history":[{"count":112,"href":"https:\/\/ini-hl-land.de\/index.php?rest_route=\/wp\/v2\/pages\/27\/revisions"}],"predecessor-version":[{"id":2288,"href":"https:\/\/ini-hl-land.de\/index.php?rest_route=\/wp\/v2\/pages\/27\/revisions\/2288"}],"wp:attachment":[{"href":"https:\/\/ini-hl-land.de\/index.php?rest_route=%2Fwp%2Fv2%2Fmedia&parent=27"}],"curies":[{"name":"wp","href":"https:\/\/api.w.org\/{rel}","templated":true}]}}